{"id":4954,"date":"2024-04-26T20:17:35","date_gmt":"2024-04-26T20:17:35","guid":{"rendered":"https:\/\/saffm.centrekabir.com\/?page_id=4954"},"modified":"2024-05-09T03:48:41","modified_gmt":"2024-05-09T03:48:41","slug":"jury-panel-saffm-2024","status":"publish","type":"page","link":"https:\/\/saffm.centrekabir.com\/fr\/jury-panel-saffm-2024\/","title":{"rendered":"Jury Panel SAFFM 2024"},"content":{"rendered":"<div class=\"wpb-content-wrapper\"><div class=\"vc_row wpb_row vc_row-fluid\"><div class=\"wpb_column vc_column_container vc_col-sm-12\"><div class=\"vc_column-inner\"><div class=\"wpb_wrapper\"><div class=\"vc_row wpb_row vc_inner vc_row-fluid\"><div class=\"wpb_column vc_column_container vc_col-sm-12\"><div class=\"vc_column-inner\"><div class=\"wpb_wrapper\"><\/div><\/div><\/div><\/div><\/div><\/div><\/div><\/div><div class=\"vc_row wpb_row vc_row-fluid vc_row-o-content-top vc_row-flex\"><div class=\"wpb_column vc_column_container vc_col-sm-3\"><div class=\"vc_column-inner\"><div class=\"wpb_wrapper\">\n\t<div  class=\"wpb_single_image wpb_content_element vc_align_left\">\n\t\t\n\t\t<figure class=\"wpb_wrapper vc_figure\">\n\t\t\t<div class=\"vc_single_image-wrapper   vc_box_border_grey\"><img loading=\"lazy\" decoding=\"async\" width=\"400\" height=\"400\" src=\"https:\/\/saffm.centrekabir.com\/wp-content\/uploads\/2024\/05\/Thomas.jpg\" class=\"vc_single_image-img attachment-full\" alt=\"\" title=\"Thomas\" srcset=\"https:\/\/saffm.centrekabir.com\/wp-content\/uploads\/2024\/05\/Thomas.jpg 400w, https:\/\/saffm.centrekabir.com\/wp-content\/uploads\/2024\/05\/Thomas-300x300.jpg 300w, https:\/\/saffm.centrekabir.com\/wp-content\/uploads\/2024\/05\/Thomas-150x150.jpg 150w, https:\/\/saffm.centrekabir.com\/wp-content\/uploads\/2024\/05\/Thomas-12x12.jpg 12w\" sizes=\"auto, (max-width: 400px) 100vw, 400px\" \/><\/div>\n\t\t<\/figure>\n\t<\/div>\n<\/div><\/div><\/div><div class=\"wpb_column vc_column_container vc_col-sm-9\"><div class=\"vc_column-inner\"><div class=\"wpb_wrapper\"><h2 style=\"color: #282828;text-align: left\" class=\"vc_custom_heading sub_heading_style_1\">Thomas Waugh<\/h2>\n\t<div class=\"wpb_text_column wpb_content_element\" >\n\t\t<div class=\"wpb_wrapper\">\n\t\t\t<p>Distinguished Professor Emeritus, Cinema, Concordia University. Born 1948, London, Ontario. Teacher, programmer, writer, critic, activist, Graduate of Guelph Collegiate, Western University and Columbia University. Retired from Concordia in 2017 after 41 years teaching film and sexuality\/queer studies, including Indian Cinema. Author, compiler or editor of 14 books, including I Confess: Constructing the Sexual Self in the Internet Age (co-edited Brandon Arroyo, 2019). Co-editor with Matthew Hays of 50-book series Queer Film Classics (2008-2030), including Fire (Shohini Ghosh, 2010). Katherine Singer Kovacs Book Award for The Conscience of Cinema: The Work of Joris Ivens, 1912-1989 (Amsterdam). Teacher Punjab Public School, Nabha (1970-72); Visiting Professor, Film Studies, English and Foreign Languages University, Hyderabad (2018-19). His 1989 interviews with Indian independent documentary filmmakers on Youtube, <a href=\"https:\/\/www.youtube.com\/playlist?list=UU-U9TDQrD3eBKdW8LY9crqQ\" target=\"_blank\" rel=\"noopener\">https:\/\/www.youtube.com\/playlist?list=UU-U9TDQrD3eBKdW8LY9crqQ<\/a><\/p>\n\n\t\t<\/div>\n\t<\/div>\n<\/div><\/div><\/div><\/div><div class=\"vc_row wpb_row vc_row-fluid vc_row-o-content-top vc_row-flex\"><div class=\"wpb_column vc_column_container vc_col-sm-3\"><div class=\"vc_column-inner\"><div class=\"wpb_wrapper\">\n\t<div  class=\"wpb_single_image wpb_content_element vc_align_left\">\n\t\t\n\t\t<figure class=\"wpb_wrapper vc_figure\">\n\t\t\t<div class=\"vc_single_image-wrapper   vc_box_border_grey\"><img loading=\"lazy\" decoding=\"async\" width=\"400\" height=\"400\" src=\"https:\/\/saffm.centrekabir.com\/wp-content\/uploads\/2024\/04\/Moneeza.jpg\" class=\"vc_single_image-img attachment-full\" alt=\"\" title=\"Moneeza\" srcset=\"https:\/\/saffm.centrekabir.com\/wp-content\/uploads\/2024\/04\/Moneeza.jpg 400w, https:\/\/saffm.centrekabir.com\/wp-content\/uploads\/2024\/04\/Moneeza-300x300.jpg 300w, https:\/\/saffm.centrekabir.com\/wp-content\/uploads\/2024\/04\/Moneeza-150x150.jpg 150w, https:\/\/saffm.centrekabir.com\/wp-content\/uploads\/2024\/04\/Moneeza-12x12.jpg 12w\" sizes=\"auto, (max-width: 400px) 100vw, 400px\" \/><\/div>\n\t\t<\/figure>\n\t<\/div>\n<\/div><\/div><\/div><div class=\"wpb_column vc_column_container vc_col-sm-9\"><div class=\"vc_column-inner\"><div class=\"wpb_wrapper\"><h2 style=\"color: #282828;text-align: left\" class=\"vc_custom_heading sub_heading_style_1\">Moneeza Hashmi<\/h2>\n\t<div class=\"wpb_text_column wpb_content_element\" >\n\t\t<div class=\"wpb_wrapper\">\n\t\t\t<p>Moneeza Hashmi is a broadcaster, television producer, actress and a former general manager and director programmes of the Pakistan Television Corporation (PTV). Hashmi has over four decades of experience working with public media. She is the Trustee of Faiz Foundation Trust, Pakistan and main organizer of Faiz Festival Lahore .She is the younger daughter of the prominent Pakistani poet Faiz Ahmed Faiz.<\/p>\n\n\t\t<\/div>\n\t<\/div>\n<\/div><\/div><\/div><\/div><div class=\"vc_row wpb_row vc_row-fluid vc_row-o-content-top vc_row-flex\"><div class=\"wpb_column vc_column_container vc_col-sm-3\"><div class=\"vc_column-inner\"><div class=\"wpb_wrapper\">\n\t<div  class=\"wpb_single_image wpb_content_element vc_align_left\">\n\t\t\n\t\t<figure class=\"wpb_wrapper vc_figure\">\n\t\t\t<div class=\"vc_single_image-wrapper   vc_box_border_grey\"><img loading=\"lazy\" decoding=\"async\" width=\"400\" height=\"400\" src=\"https:\/\/saffm.centrekabir.com\/wp-content\/uploads\/2024\/05\/Mathieu.jpg\" class=\"vc_single_image-img attachment-full\" alt=\"\" title=\"Mathieu\" srcset=\"https:\/\/saffm.centrekabir.com\/wp-content\/uploads\/2024\/05\/Mathieu.jpg 400w, https:\/\/saffm.centrekabir.com\/wp-content\/uploads\/2024\/05\/Mathieu-300x300.jpg 300w, https:\/\/saffm.centrekabir.com\/wp-content\/uploads\/2024\/05\/Mathieu-150x150.jpg 150w, https:\/\/saffm.centrekabir.com\/wp-content\/uploads\/2024\/05\/Mathieu-12x12.jpg 12w\" sizes=\"auto, (max-width: 400px) 100vw, 400px\" \/><\/div>\n\t\t<\/figure>\n\t<\/div>\n<\/div><\/div><\/div><div class=\"wpb_column vc_column_container vc_col-sm-9\"><div class=\"vc_column-inner\"><div class=\"wpb_wrapper\"><h2 style=\"color: #282828;text-align: left\" class=\"vc_custom_heading sub_heading_style_1\">Mathieu Boisvert<\/h2>\n\t<div class=\"wpb_text_column wpb_content_element\" >\n\t\t<div class=\"wpb_wrapper\">\n\t\t\t<p>Mathieu Boisvert is the director of the\u00a0<i>Centre d\u2019\u00e9tudes et de recherches sur l\u2019Inde, l\u2019Asie du Sud et sa diaspora<\/i>. He is a professor in the Department of Religious Studies at the Universit\u00e9 du Qu\u00e9bec \u00e0 Montr\u00e9al, and his primary research interests lie a) in the articulation of religion and contemporary politics and b) in the study of marginalised communities in India. He is the author of\u00a0<i>Les Hijra\u00a0: Portrait socioreligieux d\u2019une communaut\u00e9 \u00ab\u00a0transgenre\u00a0\u00bb sud-asiatique<\/i>, published at the Presses de l\u2019Universit\u00e9 de Montr\u00e9al.\u00a0\u00a0<a href=\"http:\/\/www.cerias.uqam.ca\/\" target=\"_blank\" rel=\"noopener\" data-saferedirecturl=\"https:\/\/www.google.com\/url?q=http:\/\/www.cerias.uqam.ca\/&amp;source=gmail&amp;ust=1715312372281000&amp;usg=AOvVaw318w6iJzoMUYSd2TluIoVQ\">www.cerias.uqam.ca<\/a><\/p>\n\n\t\t<\/div>\n\t<\/div>\n<\/div><\/div><\/div><\/div><div class=\"vc_row wpb_row vc_row-fluid vc_row-o-content-top vc_row-flex\"><div class=\"wpb_column vc_column_container vc_col-sm-3\"><div class=\"vc_column-inner\"><div class=\"wpb_wrapper\">\n\t<div  class=\"wpb_single_image wpb_content_element vc_align_left\">\n\t\t\n\t\t<figure class=\"wpb_wrapper vc_figure\">\n\t\t\t<div class=\"vc_single_image-wrapper   vc_box_border_grey\"><img loading=\"lazy\" decoding=\"async\" width=\"400\" height=\"400\" src=\"https:\/\/saffm.centrekabir.com\/wp-content\/uploads\/2024\/04\/Binita.jpg\" class=\"vc_single_image-img attachment-full\" alt=\"\" title=\"Binita\" srcset=\"https:\/\/saffm.centrekabir.com\/wp-content\/uploads\/2024\/04\/Binita.jpg 400w, https:\/\/saffm.centrekabir.com\/wp-content\/uploads\/2024\/04\/Binita-300x300.jpg 300w, https:\/\/saffm.centrekabir.com\/wp-content\/uploads\/2024\/04\/Binita-150x150.jpg 150w, https:\/\/saffm.centrekabir.com\/wp-content\/uploads\/2024\/04\/Binita-12x12.jpg 12w\" sizes=\"auto, (max-width: 400px) 100vw, 400px\" \/><\/div>\n\t\t<\/figure>\n\t<\/div>\n<\/div><\/div><\/div><div class=\"wpb_column vc_column_container vc_col-sm-9\"><div class=\"vc_column-inner\"><div class=\"wpb_wrapper\"><h2 style=\"color: #282828;text-align: left\" class=\"vc_custom_heading sub_heading_style_1\">Binita Mehta<\/h2>\n\t<div class=\"wpb_text_column wpb_content_element\" >\n\t\t<div class=\"wpb_wrapper\">\n\t\t\t<p><span data-sheets-root=\"1\" data-sheets-value=\"{&quot;1&quot;:2,&quot;2&quot;:&quot;Binita Mehta is Professor of French Emerita at Manhattanville College where she taught courses\\nin French language, literature, and film. She is passionate about cinema, especially French-\\nlanguage cinema. She has also written articles and given talks on films by South Asian diasporic\\nfilmmakers. From 2012-2016, she was a co-panelist at post-screening Q&amp;amp;As of French language\\nshort films at the Avon Theater in Stamford. CT. Since 2021, she has been a moderator and guest\\npanelist at post-screening discussions of the film festival Francophone Short Films in Harlem.\\nShe will moderate the post-screening discussion at the 2024 Francophone Short Films in Harlem\\nat the Maysles Documentary Center on April 19, the Lyc\u00e9e Fran\u00e7ais de New York on May 1, and\\nwill be a guest panelist at the festival\u2019s post-screening Q&amp;amp;A at the Maison Fran\u00e7aise-Columbia\\nUniversity on Tuesday, April 23.&quot;}\" data-sheets-userformat=\"{&quot;2&quot;:12929,&quot;3&quot;:{&quot;1&quot;:0},&quot;10&quot;:2,&quot;12&quot;:0,&quot;15&quot;:&quot;Arial&quot;,&quot;16&quot;:11}\">Binita Mehta is Professor of French Emerita at Manhattanville College where she taught courses in French language, literature, and film. She is passionate about cinema, especially French-language cinema. She has also written articles and given talks on films by South Asian diasporic filmmakers. From 2012-2016, she was a co-panelist at post-screening Q&amp;amp;As of French language short films at the Avon Theater in Stamford. CT. Since 2021, she has been a moderator and guest panelist at post-screening discussions of the film festival Francophone Short Films in Harlem. She will moderate the post-screening discussion at the 2024 Francophone Short Films in Harlem at the Maysles Documentary Center on April 19, the Lyc\u00e9e Fran\u00e7ais de New York on May 1, and will be a guest panelist at the festival\u2019s post-screening Q&amp;amp;A at the Maison Fran\u00e7aise-Columbia University on Tuesday, April 23.<\/span><\/p>\n\n\t\t<\/div>\n\t<\/div>\n<\/div><\/div><\/div><\/div><div class=\"vc_row wpb_row vc_row-fluid vc_row-o-content-top vc_row-flex\"><div class=\"wpb_column vc_column_container vc_col-sm-3\"><div class=\"vc_column-inner\"><div class=\"wpb_wrapper\">\n\t<div  class=\"wpb_single_image wpb_content_element vc_align_left\">\n\t\t\n\t\t<figure class=\"wpb_wrapper vc_figure\">\n\t\t\t<div class=\"vc_single_image-wrapper   vc_box_border_grey\"><img loading=\"lazy\" decoding=\"async\" width=\"400\" height=\"400\" src=\"https:\/\/saffm.centrekabir.com\/wp-content\/uploads\/2024\/04\/Manoj.jpg\" class=\"vc_single_image-img attachment-full\" alt=\"\" title=\"Manoj\" srcset=\"https:\/\/saffm.centrekabir.com\/wp-content\/uploads\/2024\/04\/Manoj.jpg 400w, https:\/\/saffm.centrekabir.com\/wp-content\/uploads\/2024\/04\/Manoj-300x300.jpg 300w, https:\/\/saffm.centrekabir.com\/wp-content\/uploads\/2024\/04\/Manoj-150x150.jpg 150w, https:\/\/saffm.centrekabir.com\/wp-content\/uploads\/2024\/04\/Manoj-12x12.jpg 12w\" sizes=\"auto, (max-width: 400px) 100vw, 400px\" \/><\/div>\n\t\t<\/figure>\n\t<\/div>\n<\/div><\/div><\/div><div class=\"wpb_column vc_column_container vc_col-sm-9\"><div class=\"vc_column-inner\"><div class=\"wpb_wrapper\"><h2 style=\"color: #282828;text-align: left\" class=\"vc_custom_heading sub_heading_style_1\">Manoj Singh<\/h2>\n\t<div class=\"wpb_text_column wpb_content_element\" >\n\t\t<div class=\"wpb_wrapper\">\n\t\t\t<p>Manoj Singh, Director of the Not-for-Profit organization DC South Asian Arts Council Inc. Always had passion for arts, acted in prominent plays and short films. Busy managing year-round literary, music, dance, film festivals, and art exhibits. DCSAACI has a monthly newsletter and hosts discussions on South Asian social issues.<\/p>\n\n\t\t<\/div>\n\t<\/div>\n<\/div><\/div><\/div><\/div><div class=\"vc_row wpb_row vc_row-fluid vc_row-o-content-top vc_row-flex\"><div class=\"wpb_column vc_column_container vc_col-sm-3\"><div class=\"vc_column-inner\"><div class=\"wpb_wrapper\">\n\t<div  class=\"wpb_single_image wpb_content_element vc_align_left\">\n\t\t\n\t\t<figure class=\"wpb_wrapper vc_figure\">\n\t\t\t<div class=\"vc_single_image-wrapper   vc_box_border_grey\"><img loading=\"lazy\" decoding=\"async\" width=\"400\" height=\"400\" src=\"https:\/\/saffm.centrekabir.com\/wp-content\/uploads\/2024\/04\/Rita.jpg\" class=\"vc_single_image-img attachment-full\" alt=\"\" title=\"Rita\" srcset=\"https:\/\/saffm.centrekabir.com\/wp-content\/uploads\/2024\/04\/Rita.jpg 400w, https:\/\/saffm.centrekabir.com\/wp-content\/uploads\/2024\/04\/Rita-300x300.jpg 300w, https:\/\/saffm.centrekabir.com\/wp-content\/uploads\/2024\/04\/Rita-150x150.jpg 150w, https:\/\/saffm.centrekabir.com\/wp-content\/uploads\/2024\/04\/Rita-12x12.jpg 12w\" sizes=\"auto, (max-width: 400px) 100vw, 400px\" \/><\/div>\n\t\t<\/figure>\n\t<\/div>\n<\/div><\/div><\/div><div class=\"wpb_column vc_column_container vc_col-sm-9\"><div class=\"vc_column-inner\"><div class=\"wpb_wrapper\"><h2 style=\"color: #282828;text-align: left\" class=\"vc_custom_heading sub_heading_style_1\">Rita Meher<\/h2>\n\t<div class=\"wpb_text_column wpb_content_element\" >\n\t\t<div class=\"wpb_wrapper\">\n\t\t\t<p><span data-sheets-root=\"1\" data-sheets-value=\"{&quot;1&quot;:2,&quot;2&quot;:&quot;Rita Meher, Co-Founder &amp; Executive Director, Tasveer Rita Meher co-founded Tasveer in the aftermath of 9\/11 to provide a platform for South Asians to tell their stories and create a more informed and just society through thought-provoking arts events. The desired outcomes are increased cross-cultural understanding, engagement of South Asians in meaningful community dialogue, and promotion of the work of South Asian artists. She was born and brought up in India, and lived in Japan before moving to Seattle. She is fluent in English, Hindi, Odia, and Japanese. Before becoming the ED of Tasveer in 2012, Rita was a video producer and editor for 12 years. She has produced award-winning public television shows and made her career debut on TV in Japan in 1995. She edited the award-winning Bangladeshi documentary \u201cThreads\u201d and made her first short film, \u201cCitizenship101\u201d, based on her own immigrant experiences. Rita has been honored by Northwest Asian Weekly as the Seattle Globalist of the Year in 2015, Rising Star in 2015, and Community Voice in 2016. She\u2019s also been honored by the International Examiner with an Excellence in Arts Award in 2016. Under her guidance, Tasveer was nominated for the Seattle Mayor\u2019s Award for Excellence in Arts in 2017. Her passion is to bring to light the stories of the South Asian Diaspora.&quot;}\" data-sheets-userformat=\"{&quot;2&quot;:4480,&quot;10&quot;:2,&quot;11&quot;:0,&quot;15&quot;:&quot;Arial&quot;}\">Rita Meher, Co-Founder &amp; Executive Director, Tasveer Rita Meher co-founded Tasveer in the aftermath of 9\/11 to provide a platform for South Asians to tell their stories and create a more informed and just society through thought-provoking arts events. The desired outcomes are increased cross-cultural understanding, engagement of South Asians in meaningful community dialogue, and promotion of the work of South Asian artists. She was born and brought up in India, and lived in Japan before moving to Seattle. She is fluent in English, Hindi, Odia, and Japanese. Before becoming the ED of Tasveer in 2012, Rita was a video producer and editor for 12 years. She has produced award-winning public television shows and made her career debut on TV in Japan in 1995. She edited the award-winning Bangladeshi documentary \u201cThreads\u201d and made her first short film, \u201cCitizenship101\u201d, based on her own immigrant experiences. Rita has been honored by Northwest Asian Weekly as the Seattle Globalist of the Year in 2015, Rising Star in 2015, and Community Voice in 2016. She\u2019s also been honored by the International Examiner with an Excellence in Arts Award in 2016. Under her guidance, Tasveer was nominated for the Seattle Mayor\u2019s Award for Excellence in Arts in 2017. Her passion is to bring to light the stories of the South Asian Diaspora.<\/span><\/p>\n\n\t\t<\/div>\n\t<\/div>\n<\/div><\/div><\/div><\/div><div class=\"vc_row wpb_row vc_row-fluid vc_row-o-content-top vc_row-flex\"><div class=\"wpb_column vc_column_container vc_col-sm-3\"><div class=\"vc_column-inner\"><div class=\"wpb_wrapper\">\n\t<div  class=\"wpb_single_image wpb_content_element vc_align_left\">\n\t\t\n\t\t<figure class=\"wpb_wrapper vc_figure\">\n\t\t\t<div class=\"vc_single_image-wrapper   vc_box_border_grey\"><img loading=\"lazy\" decoding=\"async\" width=\"400\" height=\"400\" src=\"https:\/\/saffm.centrekabir.com\/wp-content\/uploads\/2024\/04\/Sameea.jpg\" class=\"vc_single_image-img attachment-full\" alt=\"\" title=\"Sameea\" srcset=\"https:\/\/saffm.centrekabir.com\/wp-content\/uploads\/2024\/04\/Sameea.jpg 400w, https:\/\/saffm.centrekabir.com\/wp-content\/uploads\/2024\/04\/Sameea-300x300.jpg 300w, https:\/\/saffm.centrekabir.com\/wp-content\/uploads\/2024\/04\/Sameea-150x150.jpg 150w, https:\/\/saffm.centrekabir.com\/wp-content\/uploads\/2024\/04\/Sameea-12x12.jpg 12w\" sizes=\"auto, (max-width: 400px) 100vw, 400px\" \/><\/div>\n\t\t<\/figure>\n\t<\/div>\n<\/div><\/div><\/div><div class=\"wpb_column vc_column_container vc_col-sm-9\"><div class=\"vc_column-inner\"><div class=\"wpb_wrapper\"><h2 style=\"color: #282828;text-align: left\" class=\"vc_custom_heading sub_heading_style_1\">Sameea Jamil<\/h2>\n\t<div class=\"wpb_text_column wpb_content_element\" >\n\t\t<div class=\"wpb_wrapper\">\n\t\t\t<p><span data-sheets-root=\"1\" data-sheets-value=\"{&quot;1&quot;:2,&quot;2&quot;:&quot;Sameea Jamil is a Professor of Media Studies with a focus on International Communications and media content creation, particularly in film. Her work examines the impact of media on cross-border cultures. She contributed to the \\&quot;Strengthening Journalism Education in South Asia\\&quot; program, funded by the US government and US universities, using her expertise to develop a new graduate program at Kinnaird College For Women University, Lahore, which included hands-on training. Sameea has also been instrumental in initiating media programs at several colleges and universities. Her research continues to explore the role of media in society and its influence on power politics.&quot;}\" data-sheets-userformat=\"{&quot;2&quot;:4480,&quot;10&quot;:2,&quot;11&quot;:0,&quot;15&quot;:&quot;Arial&quot;}\">Sameea Jamil is a Professor of Media Studies with a focus on International Communications and media content creation, particularly in film. Her work examines the impact of media on cross-border cultures. She contributed to the &#8220;Strengthening Journalism Education in South Asia&#8221; program, funded by the US government and US universities, using her expertise to develop a new graduate program at Kinnaird College For Women University, Lahore, which included hands-on training. Sameea has also been instrumental in initiating media programs at several colleges and universities. Her research continues to explore the role of media in society and its influence on power politics.<\/span><\/p>\n\n\t\t<\/div>\n\t<\/div>\n<\/div><\/div><\/div><\/div><div class=\"vc_row wpb_row vc_row-fluid vc_row-o-content-top vc_row-flex\"><div class=\"wpb_column vc_column_container vc_col-sm-3\"><div class=\"vc_column-inner\"><div class=\"wpb_wrapper\">\n\t<div  class=\"wpb_single_image wpb_content_element vc_align_left\">\n\t\t\n\t\t<figure class=\"wpb_wrapper vc_figure\">\n\t\t\t<div class=\"vc_single_image-wrapper   vc_box_border_grey\"><img loading=\"lazy\" decoding=\"async\" width=\"400\" height=\"400\" src=\"https:\/\/saffm.centrekabir.com\/wp-content\/uploads\/2024\/04\/ali.jpg\" class=\"vc_single_image-img attachment-full\" alt=\"\" title=\"ali\" srcset=\"https:\/\/saffm.centrekabir.com\/wp-content\/uploads\/2024\/04\/ali.jpg 400w, https:\/\/saffm.centrekabir.com\/wp-content\/uploads\/2024\/04\/ali-300x300.jpg 300w, https:\/\/saffm.centrekabir.com\/wp-content\/uploads\/2024\/04\/ali-150x150.jpg 150w, https:\/\/saffm.centrekabir.com\/wp-content\/uploads\/2024\/04\/ali-12x12.jpg 12w\" sizes=\"auto, (max-width: 400px) 100vw, 400px\" \/><\/div>\n\t\t<\/figure>\n\t<\/div>\n<\/div><\/div><\/div><div class=\"wpb_column vc_column_container vc_col-sm-9\"><div class=\"vc_column-inner\"><div class=\"wpb_wrapper\"><h2 style=\"color: #282828;text-align: left\" class=\"vc_custom_heading sub_heading_style_1\">Ali Kazmi<\/h2>\n\t<div class=\"wpb_text_column wpb_content_element\" >\n\t\t<div class=\"wpb_wrapper\">\n\t\t\t<p><span data-sheets-root=\"1\" data-sheets-value=\"{&quot;1&quot;:2,&quot;2&quot;:&quot;Ali Arsalan Kazmi, is a Pakistani-Canadian actor, director and producer. He appears in English, Hindi, Urdu and Punjabi language films and television series. Apart from acting he has also worked as a host, director, producer and model.&quot;}\" data-sheets-userformat=\"{&quot;2&quot;:14851,&quot;3&quot;:{&quot;1&quot;:0},&quot;4&quot;:{&quot;1&quot;:2,&quot;2&quot;:16777215},&quot;12&quot;:0,&quot;14&quot;:{&quot;1&quot;:2,&quot;2&quot;:5067094},&quot;15&quot;:&quot;arial, sans-serif&quot;,&quot;16&quot;:11}\">Ali Arsalan Kazmi, is a Pakistani-Canadian actor, director and producer. He appears in English, Hindi, Urdu and Punjabi language films and television series. Apart from acting he has also worked as a host, director, producer and model.<\/span><\/p>\n\n\t\t<\/div>\n\t<\/div>\n<\/div><\/div><\/div><\/div>\n<\/div>","protected":false},"excerpt":{"rendered":"Thomas Waugh Distinguished Professor Emeritus, Cinema, Concordia University. Born 1948, London, Ontario. Teacher, programmer, writer, critic, activist, Graduate of Guelph Collegiate, Western University and Columbia University. Retired from Concordia in 2017 after 41 years teaching film and sexuality\/queer studies, including Indian Cinema. Author, compiler or editor of 14 books, including I Confess: Constructing the Sexual [...]","protected":false},"author":1,"featured_media":0,"parent":0,"menu_order":0,"comment_status":"closed","ping_status":"closed","template":"","meta":{"footnotes":""},"class_list":["post-4954","page","type-page","status-publish","hentry","clearfix"],"_links":{"self":[{"href":"https:\/\/saffm.centrekabir.com\/fr\/wp-json\/wp\/v2\/pages\/4954","targetHints":{"allow":["GET"]}}],"collection":[{"href":"https:\/\/saffm.centrekabir.com\/fr\/wp-json\/wp\/v2\/pages"}],"about":[{"href":"https:\/\/saffm.centrekabir.com\/fr\/wp-json\/wp\/v2\/types\/page"}],"author":[{"embeddable":true,"href":"https:\/\/saffm.centrekabir.com\/fr\/wp-json\/wp\/v2\/users\/1"}],"replies":[{"embeddable":true,"href":"https:\/\/saffm.centrekabir.com\/fr\/wp-json\/wp\/v2\/comments?post=4954"}],"version-history":[{"count":12,"href":"https:\/\/saffm.centrekabir.com\/fr\/wp-json\/wp\/v2\/pages\/4954\/revisions"}],"predecessor-version":[{"id":5109,"href":"https:\/\/saffm.centrekabir.com\/fr\/wp-json\/wp\/v2\/pages\/4954\/revisions\/5109"}],"wp:attachment":[{"href":"https:\/\/saffm.centrekabir.com\/fr\/wp-json\/wp\/v2\/media?parent=4954"}],"curies":[{"name":"wp","href":"https:\/\/api.w.org\/{rel}","templated":true}]}}